{"id":1975,"date":"2024-09-19T16:36:58","date_gmt":"2024-09-19T19:36:58","guid":{"rendered":"https:\/\/webmedia.org.br\/2024\/?page_id=1975"},"modified":"2024-10-21T17:07:20","modified_gmt":"2024-10-21T20:07:20","slug":"premio-webmedia-lf","status":"publish","type":"page","link":"https:\/\/webmedia.org.br\/2024\/premio-webmedia-lf\/","title":{"rendered":"Pr\u00eamio WebMedia LF"},"content":{"rendered":"\t\t<div data-elementor-type=\"wp-page\" data-elementor-id=\"1975\" class=\"elementor elementor-1975\" data-elementor-post-type=\"page\">\n\t\t\t\t\t\t\t\t\t<section class=\"elementor-section elementor-top-section elementor-element elementor-element-995d100 elementor-section-height-min-height elementor-section-boxed elementor-section-height-default elementor-section-items-middle\" data-id=\"995d100\" data-element_type=\"section\" data-settings=\"{&quot;background_background&quot;:&quot;classic&quot;}\" data-e-bg-lazyload=\".elementor-background-overlay\">\n\t\t\t\t\t\t\t<div class=\"elementor-background-overlay\"><\/div>\n\t\t\t\t\t\t\t<div class=\"elementor-container elementor-column-gap-default\">\n\t\t\t\t\t<div class=\"elementor-column elementor-col-100 elementor-top-column elementor-element elementor-element-1a8bacab\" data-id=\"1a8bacab\" data-element_type=\"column\">\n\t\t\t<div class=\"elementor-widget-wrap elementor-element-populated\">\n\t\t\t\t\t\t\t\t<div class=\"elementor-element elementor-element-9d8a180 elementor-widget elementor-widget-heading\" data-id=\"9d8a180\" data-element_type=\"widget\" data-widget_type=\"heading.default\">\n\t\t\t\t<div class=\"elementor-widget-container\">\n\t\t\t<style>\/*! elementor - v3.15.0 - 31-07-2023 *\/\n.elementor-heading-title{padding:0;margin:0;line-height:1}.elementor-widget-heading .elementor-heading-title[class*=elementor-size-]>a{color:inherit;font-size:inherit;line-height:inherit}.elementor-widget-heading .elementor-heading-title.elementor-size-small{font-size:15px}.elementor-widget-heading .elementor-heading-title.elementor-size-medium{font-size:19px}.elementor-widget-heading .elementor-heading-title.elementor-size-large{font-size:29px}.elementor-widget-heading .elementor-heading-title.elementor-size-xl{font-size:39px}.elementor-widget-heading .elementor-heading-title.elementor-size-xxl{font-size:59px}<\/style><h1 class=\"elementor-heading-title elementor-size-default\">Pr\u00eamio WebMedia LF<\/h1>\t\t<\/div>\n\t\t\t\t<\/div>\n\t\t\t\t\t<\/div>\n\t\t<\/div>\n\t\t\t\t\t\t\t<\/div>\n\t\t<\/section>\n\t\t\t\t<section class=\"elementor-section elementor-top-section elementor-element elementor-element-bf94b7a elementor-section-height-min-height elementor-section-items-top elementor-section-boxed elementor-section-height-default\" data-id=\"bf94b7a\" data-element_type=\"section\">\n\t\t\t\t\t\t<div class=\"elementor-container elementor-column-gap-default\">\n\t\t\t\t\t<div class=\"elementor-column elementor-col-50 elementor-top-column elementor-element elementor-element-91a9634\" data-id=\"91a9634\" data-element_type=\"column\">\n\t\t\t<div class=\"elementor-widget-wrap elementor-element-populated\">\n\t\t\t\t\t\t\t\t<div class=\"elementor-element elementor-element-a17a98e elementor-widget elementor-widget-image\" data-id=\"a17a98e\" data-element_type=\"widget\" data-widget_type=\"image.default\">\n\t\t\t\t<div class=\"elementor-widget-container\">\n\t\t\t<style>\/*! elementor - v3.15.0 - 31-07-2023 *\/\n.elementor-widget-image{text-align:center}.elementor-widget-image a{display:inline-block}.elementor-widget-image a img[src$=\".svg\"]{width:48px}.elementor-widget-image img{vertical-align:middle;display:inline-block}<\/style>\t\t\t\t\t\t\t\t\t\t\t\t<img loading=\"lazy\" decoding=\"async\" width=\"800\" height=\"800\" src=\"https:\/\/webmedia.org.br\/2024\/wp-content\/uploads\/2024\/09\/image2-1024x1024.png\" class=\"attachment-large size-large wp-image-1989\" alt=\"\" srcset=\"https:\/\/webmedia.org.br\/2024\/wp-content\/uploads\/2024\/09\/image2-1024x1024.png 1024w, https:\/\/webmedia.org.br\/2024\/wp-content\/uploads\/2024\/09\/image2-300x300.png 300w, https:\/\/webmedia.org.br\/2024\/wp-content\/uploads\/2024\/09\/image2-150x150.png 150w, https:\/\/webmedia.org.br\/2024\/wp-content\/uploads\/2024\/09\/image2-768x768.png 768w, https:\/\/webmedia.org.br\/2024\/wp-content\/uploads\/2024\/09\/image2.png 1280w\" sizes=\"auto, (max-width: 800px) 100vw, 800px\" \/>\t\t\t\t\t\t\t\t\t\t\t\t\t\t\t<\/div>\n\t\t\t\t<\/div>\n\t\t\t\t<div class=\"elementor-element elementor-element-4efe843 elementor-widget elementor-widget-text-editor\" data-id=\"4efe843\" data-element_type=\"widget\" data-widget_type=\"text-editor.default\">\n\t\t\t\t<div class=\"elementor-widget-container\">\n\t\t\t<style>\/*! elementor - v3.15.0 - 31-07-2023 *\/\n.elementor-widget-text-editor.elementor-drop-cap-view-stacked .elementor-drop-cap{background-color:#69727d;color:#fff}.elementor-widget-text-editor.elementor-drop-cap-view-framed .elementor-drop-cap{color:#69727d;border:3px solid;background-color:transparent}.elementor-widget-text-editor:not(.elementor-drop-cap-view-default) .elementor-drop-cap{margin-top:8px}.elementor-widget-text-editor:not(.elementor-drop-cap-view-default) .elementor-drop-cap-letter{width:1em;height:1em}.elementor-widget-text-editor .elementor-drop-cap{float:left;text-align:center;line-height:1;font-size:50px}.elementor-widget-text-editor .elementor-drop-cap-letter{display:inline-block}<\/style>\t\t\t\t<p><!-- wp:heading --><\/p>\n<p><span style=\"font-size: 1em; color: var( --e-global-color-text );\">Ele ficou conhecido por criar o middleware de TV Digital brasileiro, hoje padr\u00e3o internacional, que fomentou a ind\u00fastria nacional e gerou impacto social, como exemplo, o<\/span><a style=\"font-size: 1em; background-color: #ffffff;\" href=\"https:\/\/agenciabrasil.ebc.com.br\/tags\/brasil-4d\" target=\"_blank\" rel=\"noopener\"> projeto Brasil4D<\/a><span style=\"font-size: 1em; color: var( --e-global-color-text );\">.<\/span><\/p>\n<p><span style=\"font-weight: 400;\">Neste ano, <\/span><b>os artigos aceitos em qualquer uma das trilhas do WebMedia 2024<\/b><span style=\"font-weight: 400;\"> podem concorrer ao Pr\u00eamio WebMedia LF, submetendo seu trabalho para a comiss\u00e3o avaliadora <\/span><b>justificando o impacto social e a participa\u00e7\u00e3o no pr\u00eamio<\/b><span style=\"font-weight: 400;\">.<\/span><\/p>\n<p>\u00a0<\/p>\n<p><!-- \/wp:table --><\/p>\t\t\t\t\t\t<\/div>\n\t\t\t\t<\/div>\n\t\t\t\t\t<\/div>\n\t\t<\/div>\n\t\t\t\t<div class=\"elementor-column elementor-col-50 elementor-top-column elementor-element elementor-element-2fa2d1b\" data-id=\"2fa2d1b\" data-element_type=\"column\">\n\t\t\t<div class=\"elementor-widget-wrap elementor-element-populated\">\n\t\t\t\t\t\t\t\t<div class=\"elementor-element elementor-element-9d63f6c elementor-widget elementor-widget-text-editor\" data-id=\"9d63f6c\" data-element_type=\"widget\" data-widget_type=\"text-editor.default\">\n\t\t\t\t<div class=\"elementor-widget-container\">\n\t\t\t\t\t\t\t<p><!-- wp:heading --><\/p>\n<p><span style=\"font-weight: 400;\">O\u00a0 <\/span><b>Pr\u00eamio WebMedia LF<\/b><span style=\"font-weight: 400;\"> \u00e9 promovido pela comiss\u00e3o Especial da SBC para Sistemas Multim\u00eddia e Web (CE-WebMedia) e tem o objetivo de agraciar professores e estudantes de Tecnologia da Informa\u00e7\u00e3o e Comunica\u00e7\u00e3o (TIC) envolvidos em projetos de inova\u00e7\u00e3o, completos ou em andamento, que tenham impacto social e contribuam para MELHORIA DA SOCIEDADE.\u00a0<\/span><\/p>\n<p><span style=\"font-weight: 400;\">Luiz Fernando (LF) Gomes Soares foi um dos fundadores do WebMedia, formou diversos professores e pesquisadores, e realizou pesquisas, que al\u00e9m de rigor cient\u00edfico, tamb\u00e9m promoviam impacto social.<\/span><\/p>\n<p>\u00a0<\/p>\n<p><!-- \/wp:table --><\/p>\t\t\t\t\t\t<\/div>\n\t\t\t\t<\/div>\n\t\t\t\t<div class=\"elementor-element elementor-element-b8d652a elementor-widget elementor-widget-image\" data-id=\"b8d652a\" data-element_type=\"widget\" data-widget_type=\"image.default\">\n\t\t\t\t<div class=\"elementor-widget-container\">\n\t\t\t\t\t\t\t\t\t\t\t\t\t\t\t<img loading=\"lazy\" decoding=\"async\" width=\"800\" height=\"800\" src=\"https:\/\/webmedia.org.br\/2024\/wp-content\/uploads\/2024\/09\/image1-1024x1024.png\" class=\"attachment-large size-large wp-image-1990\" alt=\"\" srcset=\"https:\/\/webmedia.org.br\/2024\/wp-content\/uploads\/2024\/09\/image1-1024x1024.png 1024w, https:\/\/webmedia.org.br\/2024\/wp-content\/uploads\/2024\/09\/image1-300x300.png 300w, https:\/\/webmedia.org.br\/2024\/wp-content\/uploads\/2024\/09\/image1-150x150.png 150w, https:\/\/webmedia.org.br\/2024\/wp-content\/uploads\/2024\/09\/image1-768x768.png 768w, https:\/\/webmedia.org.br\/2024\/wp-content\/uploads\/2024\/09\/image1.png 1500w\" sizes=\"auto, (max-width: 800px) 100vw, 800px\" \/>\t\t\t\t\t\t\t\t\t\t\t\t\t\t\t<\/div>\n\t\t\t\t<\/div>\n\t\t\t\t\t<\/div>\n\t\t<\/div>\n\t\t\t\t\t\t\t<\/div>\n\t\t<\/section>\n\t\t\t\t<section class=\"elementor-section elementor-top-section elementor-element elementor-element-8a17122 elementor-section-height-min-height elementor-section-boxed elementor-section-height-default elementor-section-items-middle\" data-id=\"8a17122\" data-element_type=\"section\">\n\t\t\t\t\t\t<div class=\"elementor-container elementor-column-gap-default\">\n\t\t\t\t\t<div class=\"elementor-column elementor-col-100 elementor-top-column elementor-element elementor-element-5a06d25\" data-id=\"5a06d25\" data-element_type=\"column\">\n\t\t\t<div class=\"elementor-widget-wrap elementor-element-populated\">\n\t\t\t\t\t\t\t\t<div class=\"elementor-element elementor-element-bec53c9 elementor-widget elementor-widget-text-editor\" data-id=\"bec53c9\" data-element_type=\"widget\" data-widget_type=\"text-editor.default\">\n\t\t\t\t<div class=\"elementor-widget-container\">\n\t\t\t\t\t\t\t<p><!-- wp:heading --><\/p>\n<p><b style=\"color: inherit; font-family: inherit; font-size: 2rem;\">Submiss\u00e3o de Trabalhos<\/b><\/p>\n<p><span style=\"font-weight: 400;\">Os autores de artigos aceitos em qualquer trilha do WebMeida 2024 t\u00eam at\u00e9 o prazo de <strong>27<\/strong><\/span><b>\u00a0de setembro<\/b><span style=\"font-weight: 400;\"> para submeter eletronicamente as informa\u00e7\u00f5es solicitadas no <a href=\"https:\/\/shorturl.at\/thNqD\" target=\"_blank\" rel=\"noopener\">formul\u00e1rio<\/a><\/span><span style=\"font-weight: 400;\">. O formul\u00e1rio solicita informa\u00e7\u00f5es complementares ao artigo original justificando o <\/span><b>impacto social<\/b><span style=\"font-weight: 400;\"> de sua proposta e a coer\u00eancia com um ou mais t\u00f3picos de interesse do Pr\u00eamio WebMedia LF.<\/span><\/p>\n<p>\u00a0<\/p>\n<p><b>Lista dos T\u00f3picos de Interesse\u00a0<\/b><\/p>\n<ul>\n<li style=\"font-weight: 400;\" aria-level=\"1\"><span style=\"font-weight: 400;\">TICs de apoio \u00e0s popula\u00e7\u00f5es vulner\u00e1veis ou que vivem em regi\u00f5es de dif\u00edcil acesso (e.g., ind\u00edgenas, ribeirinhos)<\/span><\/li>\n<li style=\"font-weight: 400;\" aria-level=\"1\"><span style=\"font-weight: 400;\">TICs de apoio \u00e0 acessibilidade e assist\u00eancia a indiv\u00edduos com limita\u00e7\u00f5es<\/span><\/li>\n<li style=\"font-weight: 400;\" aria-level=\"1\"><span style=\"font-weight: 400;\">TICs de apoio \u00e0 sa\u00fade f\u00edsica e emocional<\/span><\/li>\n<li style=\"font-weight: 400;\" aria-level=\"1\"><span style=\"font-weight: 400;\">TICs para sa\u00fade digital (sistemas de informa\u00e7\u00e3o, telemedicina\/telessa\u00fade, prescri\u00e7\u00e3o eletr\u00f4nica, tecnologias assistivas e outros)<\/span><\/li>\n<li style=\"font-weight: 400;\" aria-level=\"1\"><span style=\"font-weight: 400;\">TICs de apoio \u00e0 educa\u00e7\u00e3o (b\u00e1sica, profissionalizante, superior e outros)<\/span><\/li>\n<li style=\"font-weight: 400;\" aria-level=\"1\"><span style=\"font-weight: 400;\">TICs de apoio \u00e0 transpar\u00eancia p\u00fablica e justi\u00e7a<\/span><\/li>\n<li style=\"font-weight: 400;\" aria-level=\"1\"><span style=\"font-weight: 400;\">TICs de apoio \u00e0s ONGs<\/span><\/li>\n<li style=\"font-weight: 400;\" aria-level=\"1\"><span style=\"font-weight: 400;\">TICs de apoio a atividades de cidadania (doa\u00e7\u00f5es de alimentos, sangue, etc)<\/span><\/li>\n<li style=\"font-weight: 400;\" aria-level=\"1\"><span style=\"font-weight: 400;\">TICs de apoio \u00e0<\/span><a href=\"https:\/\/nacoesunidas.org\/pos2015\/agenda2030\" target=\"_blank\" rel=\"noopener\"><span style=\"font-weight: 400;\"> Agenda 2030 da ONU<\/span><\/a><\/li>\n<li style=\"font-weight: 400;\" aria-level=\"1\"><span style=\"font-weight: 400;\">outras categorias de TICs de impacto social<\/span><\/li>\n<\/ul>\n<p><span style=\"font-weight: 400;\">Diferente da avalia\u00e7\u00e3o j\u00e1 feita pelo comit\u00ea de programa do WebMedia 2024, os avaliadores do pr\u00eamio verificar\u00e3o n\u00e3o apenas a metodologia e t\u00e9cnica utilizadas, mas tamb\u00e9m o impacto social do trabalho. Logo, o artigo adicional apresentando o projeto pode conter uma descri\u00e7\u00e3o clara:<\/span><\/p>\n<ul>\n<li style=\"font-weight: 400;\" aria-level=\"1\"><span style=\"font-weight: 400;\">Das institui\u00e7\u00f5es e parceiros envolvidos;<\/span><\/li>\n<li style=\"font-weight: 400;\" aria-level=\"1\"><span style=\"font-weight: 400;\">Da relev\u00e2ncia e impacto social. Opcional: como sugest\u00e3o de m\u00e9trica temos o<\/span><a href=\"https:\/\/www.sopact.com\/perspectives\/social-return-on-investment-calculation\" target=\"_blank\" rel=\"noopener\"> <span style=\"font-weight: 400;\">Social Return on Investment \u2013 SROI<\/span><\/a><span style=\"font-weight: 400;\">;<\/span><\/li>\n<li style=\"font-weight: 400;\" aria-level=\"1\"><span style=\"font-weight: 400;\">Da executabilidade do projeto (potencial de uso, replicabilidade, financiamento etc.);<\/span><\/li>\n<li style=\"font-weight: 400;\" aria-level=\"1\"><span style=\"font-weight: 400;\">Dos resultados j\u00e1 alcan\u00e7ados e esperados, potencial e\/ou cronograma para execu\u00e7\u00e3o ou continuidade do projeto.\u00a0<\/span><\/li>\n<\/ul>\n<p><span style=\"font-weight: 400;\">\u00a0<\/span><\/p>\n<p><span style=\"font-weight: 400;\">\u00c9 fortemente recomendado que os autores disponibilizem no artigo adicional URLs para o site, ou um link para download ou um v\u00eddeo de demonstra\u00e7\u00e3o de seus projetos.<\/span><\/p>\n<p><span style=\"font-weight: 400;\">Como regra geral do evento, a publica\u00e7\u00e3o final e participa\u00e7\u00e3o no Pr\u00eamio LF est\u00e3o\u00a0 condicionadas \u00e0 inscri\u00e7\u00e3o no WebMedia 2024 de pelo menos um dos autores, que dever\u00e1 realizar a apresenta\u00e7\u00e3o do trabalho durante o evento. <\/span><\/p>\n<p><span style=\"font-weight: 400;\">\u00a0<\/span><\/p>\n<h2><b>Premia\u00e7\u00e3o<\/b><\/h2>\n<p><span style=\"font-weight: 400;\">Pelo menos tr\u00eas trabalhos ser\u00e3o selecionados para concorrer ao <\/span><b>Pr\u00eamio WebMedia LF.<\/b><span style=\"font-weight: 400;\"> A comiss\u00e3o de organiza\u00e7\u00e3o do pr\u00eamio trabalhar\u00e1 para promover a participa\u00e7\u00e3o presencial dos autores, buscando ajuda de custos e\/ou op\u00e7\u00f5es de hospedagem para pelo menos um dos autores de cada trabalho.<\/span><\/p>\n<p><span style=\"font-weight: 400;\">Assistam aos v\u00eddeos dos trabalhos premiados nos \u00faltimos quatro anos:<\/span><\/p>\n<ul>\n<li style=\"font-weight: 400;\" aria-level=\"1\"><span style=\"font-weight: 400;\">2020: trabalho desenvolvido por Jaline Mombach (UFG) intitulado<\/span><a href=\"https:\/\/sol.sbc.org.br\/index.php\/webmedia_estendido\/article\/view\/13072\" target=\"_blank\" rel=\"noopener\"> <span style=\"font-weight: 400;\">\u201cAplicativo para sondagem de hip\u00f3tese de escrita infantil remota\u201d<\/span><\/a><span style=\"font-weight: 400;\">.<\/span><\/li>\n<li style=\"font-weight: 400;\" aria-level=\"1\"><span style=\"font-weight: 400;\">2021: trabalho desenvolvido por Pedro Henrique D\u2019Almeida Giberti Rissato (USP) e Alessandra Alaniz Macedo (USP), intitulado<\/span><a href=\"https:\/\/sol.sbc.org.br\/index.php\/webmedia_estendido\/article\/view\/17620\" target=\"_blank\" rel=\"noopener\"> <span style=\"font-weight: 400;\">\u201cSofiaFala: Software Inteligente de Apoio \u00e0 Fala\u201d<\/span><\/a><span style=\"font-weight: 400;\">.<\/span><\/li>\n<li style=\"font-weight: 400;\" aria-level=\"1\"><span style=\"font-weight: 400;\">2022: trabalho desenvolvido por Ianka Celuppi (UFSC), Jades Fernando Hammes (UFSC), Eduardo Dalmarco (UFSC), Raul Wazlawick (UFSC) e Ricardo Camargo Prado (UFSC), intitulado &#8220;Aplicativo e-SUS Territ\u00f3rio: Ferramenta para a gest\u00e3o do territ\u00f3rio na Aten\u00e7\u00e3o Prim\u00e1ria \u00e0 Sa\u00fade do Brasil&#8221;.<\/span><\/li>\n<li style=\"font-weight: 400;\" aria-level=\"1\">2023: trabalho desenvolvido por Maria da Gra\u00e7a C. Pimentel, Juliana M.L. Eusebio, Rudinei Goularte, Uthant V. Leite, Helen Picoli, intitulado <a href=\"https:\/\/meninasprogramadoras.icmc.usp.br\/inicio\" target=\"_blank\" rel=\"noopener\">&#8220;Meninas Programadoras: Promovendo o Engajamento Feminino em Computa\u00e7\u00e3o&#8221;<\/a> via Cursos Curtos Online de Programa\u00e7\u00e3o.\u00a0<\/li>\n<\/ul>\n<div>\u00a0<\/div>\n<h2><b>Coordena\u00e7\u00e3o da Comiss\u00e3o de Avalia\u00e7\u00e3o<\/b><\/h2>\n<p><span style=\"font-weight: 400;\">Carlos de Salles Soares Neto (UFMA)<\/span><\/p>\n<p><span style=\"font-weight: 400;\">\u00c1lan Guedes (University of Reading)<\/span><\/p>\n<p><!-- \/wp:table --><\/p>\t\t\t\t\t\t<\/div>\n\t\t\t\t<\/div>\n\t\t\t\t\t<\/div>\n\t\t<\/div>\n\t\t\t\t\t\t\t<\/div>\n\t\t<\/section>\n\t\t\t\t<section class=\"elementor-section elementor-top-section elementor-element elementor-element-75ee8cb4 elementor-section-height-min-height elementor-section-boxed elementor-section-height-default elementor-section-items-middle\" data-id=\"75ee8cb4\" data-element_type=\"section\">\n\t\t\t\t\t\t<div class=\"elementor-container elementor-column-gap-default\">\n\t\t\t\t\t<div class=\"elementor-column elementor-col-100 elementor-top-column elementor-element elementor-element-6f2cabb0\" data-id=\"6f2cabb0\" data-element_type=\"column\">\n\t\t\t<div class=\"elementor-widget-wrap elementor-element-populated\">\n\t\t\t\t\t\t\t\t<div class=\"elementor-element elementor-element-3dfc9f7 elementor-widget elementor-widget-text-editor\" data-id=\"3dfc9f7\" data-element_type=\"widget\" data-widget_type=\"text-editor.default\">\n\t\t\t\t<div class=\"elementor-widget-container\">\n\t\t\t\t\t\t\t<p><!-- wp:heading --><\/p>\n<h2><b style=\"color: inherit; font-family: inherit; font-size: 2rem;\">Pr\u00eamio WebMedia LF 2024<\/b><\/h2>\n<p>\u00a0<\/p>\n<p><span style=\"font-size: 0.75em; padding: 2px 10px 2px 10px; border-radius: 3px; color: #fff; background-color: #003eba;\"><strong>GANHADOR DO PR\u00caMIO LF 2024<\/strong><\/span><\/p>\n<h4><b>Pr\u00e1ticas com smartphones para idosos &#8211; Um projeto de extens\u00e3o do ICMC\/USP<\/b><\/h4>\n<p>Kamila Rios da Hora Rodrigues, Suzane Santos dos Santos, Daniele Gallego, Ketlen Martins, Katherin F. C. Malpartida, Aline E. C. Verhalen e Jo\u00e3o Pedro de Deus.\u00a0Universidade de S\u00e3o Paulo (USP).<\/p>\n<p>\u00a0<\/p>\n<p><span style=\"font-size: 0.75em; padding: 2px 10px 2px 10px; border-radius: 3px; color: #fff; background-color: #00ccff;\"><strong>MEN\u00c7\u00d5ES HONROSAS<\/strong><\/span><\/p>\n<h4><b>Cursos Curtos Online S\u00edncronos para Meninas do Ensino M\u00e9dio e Concluintes e para Professoras do Ensino B\u00e1sico<\/b><\/h4>\n<p>Maria da Gra\u00e7a C. Pimentel, Juliana Eus\u00e9bio, Rudinei Goularte, Uthant V. Leite (ICMC\/USP).<\/p>\n<p>\u00a0<\/p>\n<h4><b>GECET: Garotas nas Engenharias, Ci\u00eancias Exatas e Tecnologias<\/b><\/h4>\n<p>Giovana A. Benvenuto, Analice C. Brandi, Marilaine Colnago, Rafaella S. Ferreira e Helen S. Picoli.\u00a0 Faculdade de Ci\u00eancias e Tecnologia \u2013 Universidade Estadual Paulista (FCT\/UNESP), Instituto de Bioci\u00eancias, Letras e Ci\u00eancias Exatas \u2013 Universidade Estadual Paulista (IBILCE\/UNESP), Faculdade de Tecnologia &#8211; Universidade Estadual de Campinas (FT\/UNICAMP), CAPES, Comit\u00ea das Mulheres da SBMAC e ao programa Meninas Digitais da SBC.<\/p>\n<p>\u00a0<\/p>\n<h4><b>Metagame Planeta Jovem: Transformando jovens em sua melhor vers\u00e3o<\/b><\/h4>\n<p>Daniel Gularte, Mauro Oliveira e S\u00edlvio Ramos.\u00a0Iracema Digital, IFCE, Funcap, Instituto Bojog\u00e1, Criatlo.\u00a0<\/p>\n<p><!-- \/wp:table --><\/p>\t\t\t\t\t\t<\/div>\n\t\t\t\t<\/div>\n\t\t\t\t\t<\/div>\n\t\t<\/div>\n\t\t\t\t\t\t\t<\/div>\n\t\t<\/section>\n\t\t\t\t\t\t\t<\/div>\n\t\t","protected":false},"excerpt":{"rendered":"<p>Pr\u00eamio WebMedia LF Ele ficou conhecido por criar o middleware de TV Digital brasileiro, hoje padr\u00e3o internacional, que fomentou a ind\u00fastria nacional e gerou impacto social, como exemplo, o projeto Brasil4D. Neste ano, os artigos aceitos em qualquer uma das trilhas do WebMedia 2024 podem concorrer ao Pr\u00eamio WebMedia LF, submetendo seu trabalho para a [&hellip;]<\/p>\n","protected":false},"author":1,"featured_media":0,"parent":0,"menu_order":0,"comment_status":"closed","ping_status":"closed","template":"","meta":{"footnotes":""},"class_list":["post-1975","page","type-page","status-publish","hentry"],"_links":{"self":[{"href":"https:\/\/webmedia.org.br\/2024\/wp-json\/wp\/v2\/pages\/1975","targetHints":{"allow":["GET"]}}],"collection":[{"href":"https:\/\/webmedia.org.br\/2024\/wp-json\/wp\/v2\/pages"}],"about":[{"href":"https:\/\/webmedia.org.br\/2024\/wp-json\/wp\/v2\/types\/page"}],"author":[{"embeddable":true,"href":"https:\/\/webmedia.org.br\/2024\/wp-json\/wp\/v2\/users\/1"}],"replies":[{"embeddable":true,"href":"https:\/\/webmedia.org.br\/2024\/wp-json\/wp\/v2\/comments?post=1975"}],"version-history":[{"count":55,"href":"https:\/\/webmedia.org.br\/2024\/wp-json\/wp\/v2\/pages\/1975\/revisions"}],"predecessor-version":[{"id":2321,"href":"https:\/\/webmedia.org.br\/2024\/wp-json\/wp\/v2\/pages\/1975\/revisions\/2321"}],"wp:attachment":[{"href":"https:\/\/webmedia.org.br\/2024\/wp-json\/wp\/v2\/media?parent=1975"}],"curies":[{"name":"wp","href":"https:\/\/api.w.org\/{rel}","templated":true}]}}